{"id":296,"date":"2022-02-24T19:30:56","date_gmt":"2022-02-24T18:30:56","guid":{"rendered":"http:\/\/www.semainearabe.ens.fr\/?page_id=296"},"modified":"2023-08-28T17:22:19","modified_gmt":"2023-08-28T15:22:19","slug":"programme-2022","status":"publish","type":"page","link":"https:\/\/www.semainearabe.ens.fr\/index.php\/programme-2022\/","title":{"rendered":"Programme 2022"},"content":{"rendered":"<p>Sauf mention contraire, les \u00e9ven\u00e9ments ont lieu dans les locaux de l&rsquo;ENS Ulm, durent deux heures environ et <strong>l&rsquo;entr\u00e9e est libre et gratuite<\/strong> dans la limite des places disponibles. Conform\u00e9ment aux r\u00e8gles en vigueur, la pr\u00e9sentation d&rsquo;un passe sanitaire valide est n\u00e9cessaire pour acc\u00e9der aux \u00e9v\u00e9nements.<\/p>\n<p>Cliquez sur les \u00e9v\u00e9nements pour obtenir plus d&rsquo;informations sur ceux-ci !<\/p>\n<p><a href=\"https:\/\/www.semainearabe.ens.fr\/wp-content\/uploads\/2022\/03\/programme_Semaine_arabe_2022.pdf\">Cliquez ici pour consulter le programme au format PDF<\/a>.<\/p>\n<h5>Vendredi 4 MARS :<\/h5>\n<table>\n<tbody>\n<tr>\n<td>18h00<\/td>\n<td><a href=\"http:\/\/www.inalco.fr\/evenement\/table-ronde-arabite-africanite-soudanite-litterature-lieu-ecriture-histoire-plurielle\"><strong>Table ronde\u00a0<\/strong>\u00ab\u00a0Arabit\u00e9, africanit\u00e9, soudanit\u00e9 : la litt\u00e9rature comme lieu d&rsquo;\u00e9criture d&rsquo;une histoire plurielle\u00a0\u00bb avec Ahmad al-Malik, Abdelaziz Baraka Sakin, Hammour Ziada, Stella Gaitano, anim\u00e9 par Christophe Ayad \u2014 <em><strong>INALCO<\/strong> &#8211; Auditorium du PLC (65, rue des Grands Moulins, 75013)<\/em><\/a><\/td>\n<\/tr>\n<\/tbody>\n<\/table>\n<h5>Samedi 5 mars :<\/h5>\n<table>\n<tbody>\n<tr>\n<td>16h00<\/td>\n<td><a href=\"https:\/\/www.facebook.com\/events\/1138999366937129\/\"><strong>Conf\u00e9rence<\/strong> : \u00ab\u00a0Po\u00e8tes noirs d\u2019Arabie\u00a0: une anthologie (VIe-XIIe si\u00e8cles). Un regard original sur l\u2019identit\u00e9 et l\u2019alt\u00e9rit\u00e9.\u00a0\u00bb par Xavier Luffin \u2014 S<em>alle Dussane<\/em><\/a><\/td>\n<\/tr>\n<tr>\n<td>20h30<\/td>\n<td><a href=\"https:\/\/www.facebook.com\/events\/714169759573612\/\"><strong>Projection<\/strong>\u00a0de <em>Choucha, une insondable diff\u00e9rence<\/em> de Sophie Bachelier, suivie d\u2019une discussion avec la r\u00e9alisatrice et Rima Hassan, pr\u00e9sidente-fondatrice de l&rsquo;Observatoire des camps de r\u00e9fugi\u00e9s \u2014 S<em>alle Dussane<\/em><\/a><\/td>\n<\/tr>\n<\/tbody>\n<\/table>\n<h5>Lundi 7 MARS :<\/h5>\n<table>\n<tbody>\n<tr>\n<td>16h00<\/td>\n<td><strong>Inauguration de la Semaine arabe<\/strong> avec Fr\u00e9d\u00e9ric Worms, suivie de&#8230;<\/p>\n<p><a href=\"https:\/\/www.facebook.com\/events\/1048840242340858\"><strong>Table ronde<\/strong> : \u00ab\u00a0Dynamiques migratoires des espaces sahariens et subsahariens\u00a0\u00bb avec Mehdi Alioua, Sadio Soukouna, Alice Franck et Rapha\u00eblle Chevrillon-Guibert, mod\u00e9r\u00e9 par H\u00e9l\u00e8ne Thiollet \u2014 <em>Salle Dussane<\/em><\/a><\/td>\n<\/tr>\n<tr>\n<td>20h00<\/td>\n<td><a href=\"https:\/\/www.facebook.com\/events\/1275181332973553\/\"><strong>Rencontre<\/strong> autour de l&rsquo;\u0153uvre de Stella Gaitano, \u00e9crivaine soudanaise \u2014 <em>Salle Dussane<\/em><\/a><\/td>\n<\/tr>\n<\/tbody>\n<\/table>\n<h5>Mardi 8 Mars :<\/h5>\n<table>\n<tbody>\n<tr>\n<td>17h30<\/td>\n<td><a href=\"https:\/\/www.facebook.com\/events\/292996132902140\/\"><strong>Conf\u00e9rence<\/strong> : \u00ab\u00a0Quelle fut la place des femmes dans l\u2019islamisation du Sahara et du Sahel du IXe au XIXe si\u00e8cle ?\u00a0\u00bb par Catherine Coquery-Vidrovitch \u2014 <i>Salle des R\u00e9sistants<\/i><\/a><\/td>\n<\/tr>\n<tr>\n<td>20h00<\/td>\n<td><a href=\"https:\/\/www.facebook.com\/events\/320850576750978\/\"><strong>Soir\u00e9e<\/strong>\u00a0contes d\u2019Afrique de l\u2019Ouest \u2014 <em>Salle Celan<\/em><\/a><\/td>\n<\/tr>\n<\/tbody>\n<\/table>\n<h5>Mercredi 9 MARS :<\/h5>\n<table>\n<tbody>\n<tr>\n<td>15h30<\/td>\n<td><a href=\"https:\/\/www.facebook.com\/events\/5656394357710405\/\"><strong>Conf\u00e9rence<\/strong> : \u00ab\u00a0Le monde swahili : arts et architecture de la c\u00f4te est-africaine \u00e0 la crois\u00e9e des continents\u00a0\u00bb par Alexandre Girard-Muscagorry \u2014\u00a0<em>Amphith\u00e9\u00e2tre Jaur\u00e8s <strong>(29 rue d&rsquo;Ulm)<\/strong>.<\/em><\/a><\/td>\n<\/tr>\n<tr>\n<td>18h00<\/td>\n<td><a href=\"https:\/\/www.facebook.com\/events\/2246047139061843\/\"><strong>Conf\u00e9rence<\/strong>\u00a0: \u00ab\u00a0\u00catre dipl\u00f4m\u00e9 arabophone en C\u00f4te d&rsquo;Ivoire : L&rsquo;insertion socioprofessionnelle d&rsquo;une \u00e9lite\u00a0en d\u00e9bat\u00a0\u00bb par Issouf Binat\u00e9 \u2014 <em>Salle Beckett et visioconf\u00e9rence<\/em><\/a><em> (<a href=\"https:\/\/bit.ly\/3Cta8cp\">Lien Zoom<\/a>)<\/em><\/td>\n<\/tr>\n<tr>\n<td>20h30<\/td>\n<td><a href=\"https:\/\/fb.me\/e\/31DEnDvLL\"><b>Projection<\/b> d&rsquo;<em>Abouna<\/em> de Mahamat-Saleh Haroun (en partenariat avec le cin\u00e9-club de l&rsquo;ENS) \u2014 S<em>alle Dussane<\/em><\/a><\/td>\n<\/tr>\n<\/tbody>\n<\/table>\n<h5>Jeudi 10 MARS :<\/h5>\n<table>\n<tbody>\n<tr>\n<td>16h00<\/td>\n<td><a href=\"https:\/\/www.facebook.com\/events\/283878013796215\/\"><strong>Table ronde<\/strong>\u00a0: \u00ab\u00a0Dialectologie arabe des espaces sah\u00e9liens\u00a0\u00bb avec\u00a0Stefano Manfredi et Catherine Taine-Cheikh \u2014 <em>Salle Cavaill\u00e8s<\/em><\/a><\/td>\n<\/tr>\n<tr>\n<td>19h00<\/td>\n<td><a href=\"https:\/\/www.facebook.com\/events\/684476876070717\/\"><strong>Conf\u00e9rence<\/strong>\u00a0: \u00ab\u00a0Le Sahara dans le roman africain\u00a0: lien ou fronti\u00e8re\u00a0?\u00a0\u00bb par Benaouda Lebdai<i>\u00a0\u2014 Salle des R\u00e9sistants<\/i><\/a><\/td>\n<\/tr>\n<tr>\n<td>19h00<\/td>\n<td><a href=\"https:\/\/www.facebook.com\/events\/1579545565756492\"><b>D\u00eener solidaire<\/b> soudanais*, par MigrENS \u2014 <em>P\u00f4t<\/em><\/a> (service entre 19 h 30 et 21 h 00 ; <strong>*inscription pr\u00e9alable obligatoire<\/strong> \u00e0 etudiantinviteens [<em>arobase<\/em>] gmail [<em>point<\/em>] com.<\/td>\n<\/tr>\n<\/tbody>\n<\/table>\n<h5>Vendredi 11 MARS :<\/h5>\n<table>\n<tbody>\n<tr>\n<td>16h00<\/td>\n<td><a href=\"https:\/\/fb.me\/e\/57WWZZgzb\"><strong>Table ronde\u00a0<\/strong>:\u00a0\u00ab\u00a0Les sultanats d\u2019Afrique sah\u00e9lienne\u00a0aux XIVe-XVIe si\u00e8cles\u00a0\u00bb avec Julien Loiseau, R\u00e9mi Dewi\u00e8re et Hadrien Collet \u2014 <em>Salle Celan<\/em><\/a><\/td>\n<\/tr>\n<tr>\n<td>18h00<\/td>\n<td><a href=\"https:\/\/www.facebook.com\/events\/473572487601646\/\"><strong>Conf\u00e9rence<\/strong> : \u00ab\u00a0Les \u00e9critures adjami pour les langues africaines\u00a0\u00bb par Valentin Vydrin \u2014 <em>Salle Celan<\/em><\/a><\/td>\n<\/tr>\n<\/tbody>\n<\/table>\n<h5>SAMEDI 12 MARS :<\/h5>\n<table>\n<tbody>\n<tr>\n<td>14h00<\/td>\n<td><a href=\"https:\/\/www.facebook.com\/events\/659210588532640\/\"><strong>Conf\u00e9rence\u00a0<\/strong>: \u00ab\u00a0Traditions orales et culture islamique savante en Afrique de l\u2019Ouest\u00a0\u00bb par Tal Tamari \u2014 <em>Salle des Actes<\/em><\/a><\/td>\n<\/tr>\n<tr>\n<td>16h00<\/td>\n<td><a href=\"https:\/\/fb.me\/e\/1fTPXQpM1\"><strong>Conf\u00e9rence<\/strong>\u00a0: \u00ab\u00a0Le Sahel musulman entre soufisme et salafisme. Subalternit\u00e9, luttes de classement et transnationalisme\u00a0\u00bb par Jean Schmitz et Abdel Wedoud Ould Cheikh \u2014 <em>Salle des Actes<\/em><\/a><\/td>\n<\/tr>\n<tr>\n<td>18h00<\/td>\n<td><a href=\"https:\/\/www.facebook.com\/events\/980779482798210\/\"><strong>Conf\u00e9rence<\/strong> : \u00ab\u00a0Le polygraphe al-Dj\u00e2hiz et la question de couleur de l&rsquo;esclavage en terres d&rsquo;islam\u00a0\u00bb par Salah Trabelsi \u2014 <em>Salle des Actes<\/em><\/a><\/td>\n<\/tr>\n<tr>\n<td>20h30<\/td>\n<td><a href=\"https:\/\/www.facebook.com\/events\/696446488392749\/\"><strong>Concert<\/strong> du Cri du Caire\u00a0(Abdullah Miniawy &amp; Peter Corser)\u00a0\u2014 <em>K-F\u00eat<\/em><\/a><\/td>\n<\/tr>\n<\/tbody>\n<\/table>\n<h5>&#8230;Et tout au long de la semaine :<\/h5>\n<p><a href=\"https:\/\/www.facebook.com\/events\/493220648853756\/\">Retrouvez le traditionnel caf\u00e9 arabe dans la Cour aux Ernests !<\/a><\/p>\n","protected":false},"excerpt":{"rendered":"<p>Sauf mention contraire, les \u00e9ven\u00e9ments ont lieu dans les locaux de l&rsquo;ENS Ulm, durent deux heures environ et l&rsquo;entr\u00e9e est libre et gratuite dans la limite des places disponibles. Conform\u00e9ment aux r\u00e8gles en vigueur, la pr\u00e9sentation d&rsquo;un passe sanitaire valide est n\u00e9cessaire pour acc\u00e9der aux \u00e9v\u00e9nements. Cliquez sur les \u00e9v\u00e9nements pour obtenir plus d&rsquo;informations sur &hellip; <\/p>\n<p class=\"link-more\"><a href=\"https:\/\/www.semainearabe.ens.fr\/index.php\/programme-2022\/\" class=\"more-link\">Continuer la lecture<span class=\"screen-reader-text\"> de &laquo;&nbsp;Programme 2022&nbsp;&raquo;<\/span><\/a><\/p>\n","protected":false},"author":9,"featured_media":0,"parent":0,"menu_order":0,"comment_status":"closed","ping_status":"closed","template":"","meta":{"footnotes":""},"class_list":["post-296","page","type-page","status-publish","hentry"],"_links":{"self":[{"href":"https:\/\/www.semainearabe.ens.fr\/index.php\/wp-json\/wp\/v2\/pages\/296","targetHints":{"allow":["GET"]}}],"collection":[{"href":"https:\/\/www.semainearabe.ens.fr\/index.php\/wp-json\/wp\/v2\/pages"}],"about":[{"href":"https:\/\/www.semainearabe.ens.fr\/index.php\/wp-json\/wp\/v2\/types\/page"}],"author":[{"embeddable":true,"href":"https:\/\/www.semainearabe.ens.fr\/index.php\/wp-json\/wp\/v2\/users\/9"}],"replies":[{"embeddable":true,"href":"https:\/\/www.semainearabe.ens.fr\/index.php\/wp-json\/wp\/v2\/comments?post=296"}],"version-history":[{"count":81,"href":"https:\/\/www.semainearabe.ens.fr\/index.php\/wp-json\/wp\/v2\/pages\/296\/revisions"}],"predecessor-version":[{"id":496,"href":"https:\/\/www.semainearabe.ens.fr\/index.php\/wp-json\/wp\/v2\/pages\/296\/revisions\/496"}],"wp:attachment":[{"href":"https:\/\/www.semainearabe.ens.fr\/index.php\/wp-json\/wp\/v2\/media?parent=296"}],"curies":[{"name":"wp","href":"https:\/\/api.w.org\/{rel}","templated":true}]}}