{"id":201,"date":"2019-03-13T19:17:46","date_gmt":"2019-03-13T18:17:46","guid":{"rendered":"http:\/\/www.semainearabe.ens.fr\/?page_id=201"},"modified":"2019-04-10T10:45:33","modified_gmt":"2019-04-10T08:45:33","slug":"programme-2019","status":"publish","type":"page","link":"https:\/\/www.semainearabe.ens.fr\/index.php\/programme-2019\/","title":{"rendered":"Programme 2019"},"content":{"rendered":"<h5>Vendredi 5 avril :<\/h5>\n<table>\n<tbody>\n<tr>\n<td>19h00<\/td>\n<td><strong>Conf\u00e9rence inaugurale <\/strong>\u00ab\u00a0Arabit\u00e9s en devenir : retours sur une histoire\u00a0\u00bb avec Eric Vallet\u00a0\u2014 <em>Salle des Actes<\/em><\/td>\n<\/tr>\n<\/tbody>\n<\/table>\n<h5>Samedi 6 avril :<\/h5>\n<table>\n<tbody>\n<tr>\n<td>16h00<\/td>\n<td><a href=\"https:\/\/www.facebook.com\/semainearabe2019\/\"><strong>Inauguration des expositions<\/strong>\u00a0avec Sandra Ghosn\u00a0\u2014 <em>Caf\u00e9t\u00e9ria<\/em><\/a><\/td>\n<\/tr>\n<tr>\n<td>19h00<\/td>\n<td><a href=\"https:\/\/www.facebook.com\/events\/240250770131736\/?acontext=%7B%22source%22%3A5%2C%22action_history%22%3A[%7B%22surface%22%3A%22page%22%2C%22mechanism%22%3A%22main_list%22%2C%22extra_data%22%3A%22%5C%22[]%5C%22%22%7D]%2C%22has_source%22%3Atrue%7D\"><strong>Table ronde<\/strong> \u00ab\u00a0Quels avenirs pour l&rsquo;architecture des XIXe et XXe dans le monde arabe ?\u00a0\u00bb avec Antoine Atallah, Mercedes Volait et Claudine Piaton\u00a0\u2014 <em>Salle Dussane<\/em><\/a><\/td>\n<\/tr>\n<\/tbody>\n<\/table>\n<h5>Dimanche 7 avril :<\/h5>\n<table>\n<tbody>\n<tr>\n<td>20h30<\/td>\n<td><a href=\"https:\/\/www.facebook.com\/events\/433149233894730\/\"><strong>Spectacle de danse orientale<\/strong> \u00ab\u00a0Th\u00e8me Warda et Sa&rsquo;idi \u00e9gyptien\u00a0\u00bb par le club de danse orientale de l&rsquo;ENS\u00a0\u2014 <em>Gymnase<\/em><\/a><\/td>\n<\/tr>\n<\/tbody>\n<\/table>\n<h5>Lundi 8 avril :<\/h5>\n<table>\n<tbody>\n<tr>\n<td>12h00<\/td>\n<td><a href=\"https:\/\/www.facebook.com\/events\/273278863557331\/\"><strong>Atelier de calligraphie arabe<\/strong>\u00a0avec Ahmad Dari\u00a0\u2014 <em>Salle C\u00e9saire<\/em> (sur inscription)*<\/a><\/td>\n<\/tr>\n<tr>\n<td>14h00<\/td>\n<td><a href=\"https:\/\/www.facebook.com\/events\/335096743783842\/\"><strong>Rencontre litt\u00e9raire<\/strong> avec Karim Kattan et Ali B\u00e9cheur (\u00c9ditions Elyzad)<\/a><a href=\"https:\/\/www.facebook.com\/events\/335096743783842\/\">\u2014<\/a><em><a href=\"https:\/\/www.facebook.com\/events\/335096743783842\/\"> Amphith\u00e9\u00e2tre Rataud<\/a><\/em><\/td>\n<\/tr>\n<tr>\n<td>16h30<\/td>\n<td><a href=\"https:\/\/www.facebook.com\/events\/304842843529309\/?acontext=%7B%22source%22%3A5%2C%22action_history%22%3A[%7B%22surface%22%3A%22page%22%2C%22mechanism%22%3A%22main_list%22%2C%22extra_data%22%3A%22%5C%22[]%5C%22%22%7D]%2C%22has_source%22%3Atrue%7D\"><strong>Conf\u00e9rence<\/strong>\u00a0\u00ab\u00a0G\u00e9opolitique au Moyen-Orient : r\u00eaves du Pass\u00e9\u00a0\u00bb avec Fr\u00e9d\u00e9ric Encel\u00a0<em>\u2014 Salle Jaur\u00e8s<\/em><\/a><\/td>\n<\/tr>\n<tr>\n<td>19h30<\/td>\n<td><a href=\"https:\/\/www.facebook.com\/events\/856790507992825\/?acontext=%7B%22source%22%3A5%2C%22action_history%22%3A[%7B%22surface%22%3A%22page%22%2C%22mechanism%22%3A%22main_list%22%2C%22extra_data%22%3A%22%5C%22[]%5C%22%22%7D]%2C%22has_source%22%3Atrue%7D\"><strong>Atelier de danse orientale<\/strong>\u00a0avec le club de danse orientale \u2014 <em>Salle d&rsquo;Expression Artistique<\/em><\/a><\/td>\n<\/tr>\n<tr>\n<td>20h00<\/td>\n<td><a href=\"https:\/\/www.facebook.com\/events\/2307555369502789\/?acontext=%7B%22source%22%3A5%2C%22action_history%22%3A[%7B%22surface%22%3A%22page%22%2C%22mechanism%22%3A%22main_list%22%2C%22extra_data%22%3A%22%5C%22[]%5C%22%22%7D]%2C%22has_source%22%3Atrue%7D\"><strong>Table ronde<\/strong> \u00ab\u00a0Arch\u00e9ologie et reconstruction des identit\u00e9s nationales dans le monde arabe\u00a0\u00bb avec Virginia Cassola, Maria-Grazia Masetti-Rouault et Kahina Mazari\u00a0\u2014 <em>Salle des Actes<\/em><\/a><\/td>\n<\/tr>\n<\/tbody>\n<\/table>\n<h5>Mardi 9 avril :<\/h5>\n<table>\n<tbody>\n<tr>\n<td>15h00<\/td>\n<td><a href=\"https:\/\/www.facebook.com\/events\/766481130387788\/\"><strong>Projection\u00a0de film-documentaire<\/strong> \u00ab\u00a0Akka on my mind\u00a0\u00bb en pr\u00e9sence du r\u00e9alisateur, Mahmoud El-Beshtawi\u00a0\u2014 <em>Amphith\u00e9\u00e2tre Rataud<\/em><\/a><\/td>\n<\/tr>\n<tr>\n<td>18h00<\/td>\n<td><a href=\"https:\/\/www.facebook.com\/events\/2302879320037297\/?acontext=%7B%22source%22%3A5%2C%22action_history%22%3A[%7B%22surface%22%3A%22page%22%2C%22mechanism%22%3A%22main_list%22%2C%22extra_data%22%3A%22%5C%22[]%5C%22%22%7D]%2C%22has_source%22%3Atrue%7D\"><strong>Conf\u00e9rence<\/strong> \u00ab\u00a0Quand l&rsquo;Orient regarde l&rsquo;Occident\u00a0\u00bb avec Dominique Lanni\u00a0\u2014 <em>Amphith\u00e9\u00e2tre Rataud<\/em><\/a><\/td>\n<\/tr>\n<tr>\n<td>20h30<\/td>\n<td><strong>Projection de film :\u00a0<\/strong>Nos Lieux interdits de Leila Kilani, 2008, avec le Cin\u00e9-Club, suivie d&rsquo;une discussion avec Marie Pierre-Bouthier<\/td>\n<\/tr>\n<\/tbody>\n<\/table>\n<h5>Mercredi 10 avril :<\/h5>\n<table>\n<tbody>\n<tr>\n<td>17h30<\/td>\n<td>\u00a0<strong>Pot de rencontre et d&rsquo;\u00e9change avec les intervenants<\/strong>\u00a0de la Semaine arabe, sur inscription*\u00a0\u2014\u00a0<em>Salon de la direction<\/em><\/td>\n<\/tr>\n<tr>\n<td>19h00<\/td>\n<td>\u00a0<a href=\"https:\/\/www.facebook.com\/events\/2006375919665690\/\"><strong>Table ronde<\/strong> \u00ab\u00a0Guerre et cr\u00e9ation\u00a0\u00bb avec Lamia Ziad\u00e9, Tristan Leperlier, Zeina Abirached et Georgia Makhlouf \u2014 <em>Salle des Actes<\/em><\/a><\/td>\n<\/tr>\n<\/tbody>\n<\/table>\n<h5>Jeudi 11 avril :<\/h5>\n<table>\n<tbody>\n<tr>\n<td>15h30<\/td>\n<td><a href=\"https:\/\/www.facebook.com\/events\/273278863557331\/\"><strong>Atelier de calligraphie arabe<\/strong>\u00a0avec Ahmad Dari\u00a0\u2014 <em>Salle C\u00e9saire,\u00a0<\/em>sur inscription*<\/a><\/td>\n<\/tr>\n<tr>\n<td><a href=\"https:\/\/www.facebook.com\/events\/660783374364852\/\">18h00<\/a><\/td>\n<td><a href=\"https:\/\/www.facebook.com\/events\/660783374364852\/\"><strong>Rendez-vous\u00a0<\/strong>avec Ossama Almuslim (auteur des <em>Jardins d&rsquo;Arabistan<\/em>)\u00a0et avec le roman fantastique saoudien<i>\u00a0\u2014 Salle Dussane<\/i><\/a><\/td>\n<\/tr>\n<tr>\n<td>21h00<\/td>\n<td><a href=\"https:\/\/www.facebook.com\/events\/253685172178843\/\"><b>Concert\u00a0<\/b>de la Semaine arabe avec Gnawa Youmala et Mohamed Miassi Groupe\u00a0\u2014 <em>Salle d&rsquo;Expression Artistique<\/em><\/a><\/td>\n<\/tr>\n<\/tbody>\n<\/table>\n<h5>Vendredi 12 avril :<\/h5>\n<table>\n<tbody>\n<tr>\n<td>10h15<\/td>\n<td><strong>Spectacle de marionnettes d&rsquo;Alg\u00e9rie<\/strong>\u00a0\u00ab\u00a0La Cigale et la Fourmi\u00a0\u00bb de Noureddine et Salaheddine Douila\u00a0\u2014 <em>Salle d&rsquo;Expression Artistique<\/em><\/td>\n<\/tr>\n<tr>\n<td>16h00<\/td>\n<td><a href=\"https:\/\/www.facebook.com\/events\/354984142024896\/?acontext=%7B%22source%22%3A5%2C%22action_history%22%3A[%7B%22surface%22%3A%22page%22%2C%22mechanism%22%3A%22main_list%22%2C%22extra_data%22%3A%22%5C%22[]%5C%22%22%7D]%2C%22has_source%22%3Atrue%7D\"><strong>Lecture de po\u00e9sie arabe\u00a0<\/strong>par les \u00e9l\u00e8ves de l&rsquo;ENS, accompagnement musical par l&rsquo;oud d&rsquo;Issa Murad\u00a0\u2014 <em>Salle des R\u00e9sistants<\/em><\/a><\/td>\n<\/tr>\n<tr>\n<td>20h30<\/td>\n<td><strong>Repas solidaire arabe<\/strong>\u00a0\u2014 Self, sur inscription*<\/td>\n<\/tr>\n<\/tbody>\n<\/table>\n<h5>&#8230;Et tout au long de la semaine :<\/h5>\n<p>Exposition de Sandra Ghosn<br \/>\nLe traditionnel caf\u00e9 arabe dans la Cour aux Ernests<\/p>\n<p>*Inscriptions : <em>semainearabe2019@gmail.com<\/em><\/p>\n","protected":false},"excerpt":{"rendered":"<p>Vendredi 5 avril : 19h00 Conf\u00e9rence inaugurale \u00ab\u00a0Arabit\u00e9s en devenir : retours sur une histoire\u00a0\u00bb avec Eric Vallet\u00a0\u2014 Salle des Actes Samedi 6 avril : 16h00 Inauguration des expositions\u00a0avec Sandra Ghosn\u00a0\u2014 Caf\u00e9t\u00e9ria 19h00 Table ronde \u00ab\u00a0Quels avenirs pour l&rsquo;architecture des XIXe et XXe dans le monde arabe ?\u00a0\u00bb avec Antoine Atallah, Mercedes Volait et Claudine &hellip; <\/p>\n<p class=\"link-more\"><a href=\"https:\/\/www.semainearabe.ens.fr\/index.php\/programme-2019\/\" class=\"more-link\">Continuer la lecture<span class=\"screen-reader-text\"> de &laquo;&nbsp;Programme 2019&nbsp;&raquo;<\/span><\/a><\/p>\n","protected":false},"author":4,"featured_media":0,"parent":0,"menu_order":0,"comment_status":"closed","ping_status":"closed","template":"","meta":{"footnotes":""},"class_list":["post-201","page","type-page","status-publish","hentry"],"_links":{"self":[{"href":"https:\/\/www.semainearabe.ens.fr\/index.php\/wp-json\/wp\/v2\/pages\/201","targetHints":{"allow":["GET"]}}],"collection":[{"href":"https:\/\/www.semainearabe.ens.fr\/index.php\/wp-json\/wp\/v2\/pages"}],"about":[{"href":"https:\/\/www.semainearabe.ens.fr\/index.php\/wp-json\/wp\/v2\/types\/page"}],"author":[{"embeddable":true,"href":"https:\/\/www.semainearabe.ens.fr\/index.php\/wp-json\/wp\/v2\/users\/4"}],"replies":[{"embeddable":true,"href":"https:\/\/www.semainearabe.ens.fr\/index.php\/wp-json\/wp\/v2\/comments?post=201"}],"version-history":[{"count":20,"href":"https:\/\/www.semainearabe.ens.fr\/index.php\/wp-json\/wp\/v2\/pages\/201\/revisions"}],"predecessor-version":[{"id":281,"href":"https:\/\/www.semainearabe.ens.fr\/index.php\/wp-json\/wp\/v2\/pages\/201\/revisions\/281"}],"wp:attachment":[{"href":"https:\/\/www.semainearabe.ens.fr\/index.php\/wp-json\/wp\/v2\/media?parent=201"}],"curies":[{"name":"wp","href":"https:\/\/api.w.org\/{rel}","templated":true}]}}