{"id":111,"date":"2018-03-04T15:30:28","date_gmt":"2018-03-04T14:30:28","guid":{"rendered":"http:\/\/www.semainearabe.ens.fr\/?page_id=111"},"modified":"2018-04-05T09:56:17","modified_gmt":"2018-04-05T07:56:17","slug":"programme-2","status":"publish","type":"page","link":"https:\/\/www.semainearabe.ens.fr\/index.php\/programme-2\/","title":{"rendered":"Programme 2018"},"content":{"rendered":"<h5>Vendredi 6 avril :<\/h5>\n<table>\n<tbody>\n<tr>\n<td>18h00<\/td>\n<td><a href=\"https:\/\/www.facebook.com\/events\/1770446033016793\/?acontext=%7B%22action_history%22%3A[%7B%22mechanism%22%3A%22bookmarks%22%2C%22surface%22%3A%22bookmarks_menu%22%2C%22extra_data%22%3A%22[]%22%7D%2C%7B%22surface%22%3A%22dashboard%22%2C%22mechanism%22%3A%22calendar_tab_event%22%2C%22extra_data%22%3A%22[]%22%7D]%2C%22ref%22%3A46%2C%22source%22%3A2%7D\" target=\"_blank\" rel=\"noopener\">Conf\u00e9rence inaugurale :\u00a0 \u00ab\u00a0La philosophie arabe m\u00e9di\u00e9vale : quelle transmission ? Quelle actualit\u00e9 ?\u00a0\u00bb par Ali Benmakhlouf \u2013 <em>Salle Dussane<\/em><\/a><\/td>\n<\/tr>\n<\/tbody>\n<\/table>\n<h5>Samedi 7 avril :<\/h5>\n<table>\n<tbody>\n<tr>\n<td>16h00<\/td>\n<td><a href=\"https:\/\/www.facebook.com\/events\/200514050544110\/\" target=\"_blank\" rel=\"noopener\">Spectacle : Big Brother, \u0627\u0644\u0627\u062e \u0627\u0644\u0643\u0628\u064a\u0631 , par Andeel \u2013 <em>Th\u00e9atre<\/em><\/a><\/td>\n<\/tr>\n<tr>\n<td>18h30<\/td>\n<td><a href=\"https:\/\/www.facebook.com\/events\/1795293634107487\/?acontext=%7B%22action_history%22%3A[%7B%22mechanism%22%3A%22bookmarks%22%2C%22surface%22%3A%22bookmarks_menu%22%2C%22extra_data%22%3A%22[]%22%7D%2C%7B%22surface%22%3A%22dashboard%22%2C%22mechanism%22%3A%22calendar_tab_event%22%2C%22extra_data%22%3A%22[]%22%7D]%2C%22ref%22%3A46%2C%22source%22%3A2%7D\" target=\"_blank\" rel=\"noopener\">Projection : <em>Le Mirage<\/em>, Ahmed Bouanani \u2013 <em>Salle Dussane<\/em><\/a><\/td>\n<\/tr>\n<\/tbody>\n<\/table>\n<h5>Dimanche 8 avril :<\/h5>\n<table style=\"height: 182px;\" width=\"557\">\n<tbody>\n<tr>\n<td style=\"text-align: center;\">14h00<\/td>\n<td><a href=\"https:\/\/www.facebook.com\/events\/944708022356204\/\" target=\"_blank\" rel=\"noopener\">Pr\u00e9sentation de <em>La Nouvelle Bande-Dessin\u00e9e arabe<\/em> avec Andeel, Shennawy et Ang\u00e9lique Girault \u2013 <em>Salle des Actes<\/em><\/a><\/td>\n<\/tr>\n<tr>\n<td>16h00<\/td>\n<td><a href=\"https:\/\/www.facebook.com\/events\/580874465623776\/\" target=\"_blank\" rel=\"noopener\">Performance : Andeel et Shennawy dessinent en direct, interview par Ang\u00e9lique Girault <em>\u2013 Salle des Actes<\/em><\/a><\/td>\n<\/tr>\n<tr>\n<td>18h00<\/td>\n<td><a href=\"https:\/\/www.facebook.com\/events\/2059939964021472\/\" target=\"_blank\" rel=\"noopener\">La playlist du grand fr\u00e8re, par Andeel \u2013 <\/a><em>Cour aux Ernests<br \/>\n<\/em><\/td>\n<\/tr>\n<\/tbody>\n<\/table>\n<h5>Lundi 9 avril :<\/h5>\n<table>\n<tbody>\n<tr>\n<td>14h30<\/td>\n<td><a href=\"https:\/\/www.facebook.com\/events\/224473191464217\/\" target=\"_blank\" rel=\"noopener\">Atelier de sc\u00e9nario avec Hala Alabdalla \u2013 <em>Salle Histoire<\/em><\/a><\/td>\n<\/tr>\n<tr>\n<td>15h00<\/td>\n<td><a href=\"https:\/\/www.facebook.com\/events\/192341658044632\/\" target=\"_blank\" rel=\"noopener\">La transmission de la Charia, perspectives historiques, par Khaled Fahmy\u00a0 \u2013 <\/a><em>Salle Dussane<\/em><\/td>\n<\/tr>\n<tr>\n<td>18h00<\/td>\n<td><a href=\"https:\/\/www.facebook.com\/events\/1581296901986416\/?acontext=%7B%22source%22%3A5%2C%22page_id_source%22%3A876492095704352%2C%22action_history%22%3A[%7B%22surface%22%3A%22page%22%2C%22mechanism%22%3A%22main_list%22%2C%22extra_data%22%3A%22%7B%5C%22page_id%5C%22%3A876492095704352%2C%5C%22tour_id%5C%22%3Anull%7D%22%7D]%2C%22has_source%22%3Atrue%7D\" target=\"_blank\" rel=\"noopener\">Le Rif marocain en mouvement : g\u00e9n\u00e9alogie et devenir d&rsquo;une contestation, avec Zakya Daoud, Rosa Moussaoui \u2013 <em>Th\u00e9\u00e2tre<\/em><\/a><\/td>\n<\/tr>\n<tr>\n<td>20h00<\/td>\n<td><a href=\"https:\/\/www.facebook.com\/events\/1013297998811464\/?acontext=%7B%22action_history%22%3A[%7B%22mechanism%22%3A%22bookmarks%22%2C%22surface%22%3A%22bookmarks_menu%22%2C%22extra_data%22%3A%22[]%22%7D%2C%7B%22surface%22%3A%22dashboard%22%2C%22mechanism%22%3A%22calendar_tab_event%22%2C%22extra_data%22%3A%22[]%22%7D]%2C%22ref%22%3A46%2C%22source%22%3A2%7D\" target=\"_blank\" rel=\"noopener\">M\u00e9moires de la r\u00e9volution syrienne, avec C\u00e9cile Bo\u00ebx et Garance Le Caisne, Mahmoud al-Hajj \u2013 <em>Salle des Actes<\/em><\/a><\/td>\n<\/tr>\n<\/tbody>\n<\/table>\n<h5>Mardi 10 avril :<\/h5>\n<table>\n<tbody>\n<tr>\n<td>14h00<\/td>\n<td><a href=\"https:\/\/www.facebook.com\/events\/413064745788381\/\" target=\"_blank\" rel=\"noopener\">Bab el Warsha : l&rsquo;univers de Hassan El Geretly, avec Hassan El Geretly et Brigitte Remer \u2013 <em>Salle des Actes<\/em><\/a><\/td>\n<\/tr>\n<tr>\n<td>16h00<\/td>\n<td><a href=\"https:\/\/www.facebook.com\/events\/2097080243869066\/\" target=\"_blank\" rel=\"noopener\">Hommage :\u00a0 De l&rsquo;arabe au fran\u00e7ais. Houda Ayoub traductrice, avec Jabbour Douaihy, Ali Bader et H\u00e9l\u00e8ne Boisson \u2013<em> Th\u00e9\u00e2tre<\/em><\/a><\/td>\n<\/tr>\n<tr>\n<td>18h30<\/td>\n<td><a href=\"https:\/\/www.facebook.com\/events\/1735151536541075\/\" target=\"_blank\" rel=\"noopener\">Table-Ronde : l\u2019enseignement de la langue arabe en France, avec Luc Deheuvels, Sophie Tardy et B\u00e9chir Labidi \u2013 <em>Amphi Rataud<\/em><\/a><\/td>\n<\/tr>\n<tr>\n<td>20h30<\/td>\n<td><a href=\"https:\/\/www.facebook.com\/events\/155984045096007\/\" target=\"_blank\" rel=\"noopener\">Cin\u00e9-Club : <em>Off Frame AKA Revolution Until Victory<\/em>, en pr\u00e9sence du r\u00e9alisateur Mohanad Yaqubi \u2013 <em>Salle Dussane<\/em><\/a><\/td>\n<\/tr>\n<\/tbody>\n<\/table>\n<h5>Mercredi 11 avril :<\/h5>\n<table>\n<tbody>\n<tr>\n<td>14h30<\/td>\n<td><a href=\"https:\/\/www.facebook.com\/events\/224473191464217\/\" target=\"_blank\" rel=\"noopener\">Atelier : Contes avec Hassan El Geretly \u2013 <em>Salle d&rsquo;Expression Artistique<\/em><\/a><\/td>\n<\/tr>\n<tr>\n<td>18h00<\/td>\n<td><a href=\"https:\/\/www.facebook.com\/events\/224473191464217\/\" target=\"_blank\" rel=\"noopener\">Cours de cuisine palestinienne avec Hind Tahboub (Bandora Cuisine) \u2013 <em>Cantine<\/em><\/a><\/td>\n<\/tr>\n<tr>\n<td>19h00<\/td>\n<td><a href=\"https:\/\/www.facebook.com\/events\/1655205234567518\/?acontext=%7B%22action_history%22%3A[%7B%22mechanism%22%3A%22bookmarks%22%2C%22surface%22%3A%22bookmarks_menu%22%2C%22extra_data%22%3A%22[]%22%7D%2C%7B%22surface%22%3A%22dashboard%22%2C%22mechanism%22%3A%22calendar_tab_event%22%2C%22extra_data%22%3A%22[]%22%7D]%2C%22ref%22%3A46%2C%22source%22%3A2%7D\" target=\"_blank\" rel=\"noopener\">Actualit\u00e9 Critique :\u00a0 apprendre \u00e0 survivre en Syrie dans les zones de conflit, avec Rapha\u00ebl Pitti, Ameer Alhalbi et Shaher Younes<em> \u2013 Salle des Actes<\/em><\/a><\/td>\n<\/tr>\n<\/tbody>\n<\/table>\n<h5>Jeudi 12 avril :<\/h5>\n<table>\n<tbody>\n<tr>\n<td>11h30<\/td>\n<td>Le repas de la Semaine Arabe \u2013<em> Cantine<\/em><\/td>\n<\/tr>\n<tr>\n<td>15h30<\/td>\n<td><a href=\"https:\/\/www.facebook.com\/events\/930509667130189\/\" target=\"_blank\" rel=\"noopener\">Table-ronde : Art et enseignement, transmettre son savoir-faire, avec Hassan El Geretly, Hala Alabdalla et Hind Tahboub \u2013 <em>Amphi Galois (Rataud)<\/em><\/a><\/td>\n<\/tr>\n<tr>\n<td>18h30<\/td>\n<td>Le monde arabe a-t-il invent\u00e9 l&rsquo;\u00e9cole ? par Eric Vallet \u2013 <em>Salle des R\u00e9sistants<\/em><\/td>\n<\/tr>\n<tr>\n<td>20h00<\/td>\n<td><a href=\"https:\/\/www.facebook.com\/events\/162771301060766\/?acontext=%7B%22source%22%3A5%2C%22page_id_source%22%3A876492095704352%2C%22action_history%22%3A[%7B%22surface%22%3A%22page%22%2C%22mechanism%22%3A%22main_list%22%2C%22extra_data%22%3A%22%7B%5C%22page_id%5C%22%3A876492095704352%2C%5C%22tour_id%5C%22%3Anull%7D%22%7D]%2C%22has_source%22%3Atrue%7D\" target=\"_blank\" rel=\"noopener\">D\u00eener solidaire soudanais\u00a0<\/a> \u2013 <em>Cantine<\/em><\/td>\n<\/tr>\n<\/tbody>\n<\/table>\n<h5>Vendredi 13 avril :<\/h5>\n<table>\n<tbody>\n<tr>\n<td>16h00<\/td>\n<td><a href=\"https:\/\/www.facebook.com\/events\/959964127511783\/\" target=\"_blank\" rel=\"noopener\">La diplomatie fran\u00e7aise au Moyen-Orient : d\u00e9fense, droits de l&rsquo;homme et commerce des armes, avec Adrien Pinelli, Philippe Gunet et Anne Poiret \u2013 <em>Salle Jaur\u00e8s (29 rue d\u2019Ulm)<\/em><\/a><\/td>\n<\/tr>\n<tr>\n<td>18h30<\/td>\n<td><a href=\"https:\/\/www.facebook.com\/events\/2069727463309022\/\" target=\"_blank\" rel=\"noopener\">Le litt\u00e9rateur Ibn Al-Muqaffa, source d\u2019inspiration de La Fontaine, par Andr\u00e9 Miquel \u2013<em> Salle Dussane<\/em><\/a><\/td>\n<\/tr>\n<tr>\n<td>21h00<\/td>\n<td><a href=\"https:\/\/www.facebook.com\/events\/414380108974349\/?acontext=%7B%22action_history%22%3A[%7B%22mechanism%22%3A%22bookmarks%22%2C%22surface%22%3A%22bookmarks_menu%22%2C%22extra_data%22%3A%22[]%22%7D%2C%7B%22surface%22%3A%22dashboard%22%2C%22mechanism%22%3A%22calendar_tab_event%22%2C%22extra_data%22%3A%22[]%22%7D]%2C%22ref%22%3A46%2C%22source%22%3A2%7D\" target=\"_blank\" rel=\"noopener\">Soir\u00e9e concert, avec Bania, El-Rass et Nuri \u2013 <em>Salle d\u2019Expression Artistique<\/em><\/a><\/td>\n<\/tr>\n<\/tbody>\n<\/table>\n<h5>Samedi 14 avril :<\/h5>\n<table>\n<tbody>\n<tr>\n<td>14h00<\/td>\n<td><a href=\"https:\/\/www.facebook.com\/events\/335963476912924\/?acontext=%7B%22action_history%22%3A[%7B%22mechanism%22%3A%22bookmarks%22%2C%22surface%22%3A%22bookmarks_menu%22%2C%22extra_data%22%3A%22[]%22%7D%2C%7B%22surface%22%3A%22dashboard%22%2C%22mechanism%22%3A%22calendar_tab_event%22%2C%22extra_data%22%3A%22[]%22%7D]%2C%22ref%22%3A46%2C%22source%22%3A2%7D\" target=\"_blank\" rel=\"noopener\">Maroc-Alg\u00e9rie : relations en toutes lettres. Autour de la revue Nejma, avec Abdelkader Djemai, Kaoutar Harchi et Lotfi Aoulad <\/a><em><a href=\"https:\/\/www.facebook.com\/events\/335963476912924\/?acontext=%7B%22action_history%22%3A[%7B%22mechanism%22%3A%22bookmarks%22%2C%22surface%22%3A%22bookmarks_menu%22%2C%22extra_data%22%3A%22[]%22%7D%2C%7B%22surface%22%3A%22dashboard%22%2C%22mechanism%22%3A%22calendar_tab_event%22%2C%22extra_data%22%3A%22[]%22%7D]%2C%22ref%22%3A46%2C%22source%22%3A2%7D\" target=\"_blank\" rel=\"noopener\">\u2013 Salle des Actes<\/a><\/em><\/td>\n<\/tr>\n<tr>\n<td>16h00<\/td>\n<td><a href=\"https:\/\/www.facebook.com\/events\/1499578833487888\/\" target=\"_blank\" rel=\"noopener\">Carte-blanche du Programme \u00c9tudiant Invit\u00e9: \u00ab\u00a0Patrimoines\u00a0\u00bb <em>\u2013 Salle des Actes<\/em><\/a><\/td>\n<\/tr>\n<tr>\n<td>18h30<\/td>\n<td><a href=\"https:\/\/www.facebook.com\/events\/183394242455631\/\" target=\"_blank\" rel=\"noopener\">Conf\u00e9rence de cl\u00f4ture: La parole de Dieu est-elle imprescriptible ? Comment transmettre le Coran ? par Mahmoud Hussein &#8211; <em>Salle Dussane<\/em><\/a><\/td>\n<\/tr>\n<\/tbody>\n<\/table>\n<h5><\/h5>\n<h5>Et tout au long de la semaine :<\/h5>\n<p>Exposition : Photographies de Ameer Alhalby \u2013<em> Couloirs du 1er \u00e9tage<\/em><br \/>\nExposition : Les caricatures \u00e9gyptiennes d\u2019Andeel \u2013 <em>Hall<\/em><br \/>\n<a href=\"https:\/\/www.facebook.com\/events\/2153276801567273\/?acontext=%7B%22action_history%22%3A%22[%7B%5C%22surface%5C%22%3A%5C%22page%5C%22%2C%5C%22mechanism%5C%22%3A%5C%22page_upcoming_events_card%5C%22%2C%5C%22extra_data%5C%22%3A[]%7D]%22%2C%22has_source%22%3Atrue%7D\" target=\"_blank\" rel=\"noopener\">Le traditionnel caf\u00e9 syrien \u2013<em> Cour aux Ernests<\/em><\/a><\/p>\n","protected":false},"excerpt":{"rendered":"<p>Vendredi 6 avril : 18h00 Conf\u00e9rence inaugurale :\u00a0 \u00ab\u00a0La philosophie arabe m\u00e9di\u00e9vale : quelle transmission ? Quelle actualit\u00e9 ?\u00a0\u00bb par Ali Benmakhlouf \u2013 Salle Dussane Samedi 7 avril : 16h00 Spectacle : Big Brother, \u0627\u0644\u0627\u062e \u0627\u0644\u0643\u0628\u064a\u0631 , par Andeel \u2013 Th\u00e9atre 18h30 Projection : Le Mirage, Ahmed Bouanani \u2013 Salle Dussane Dimanche 8 avril : &hellip; <\/p>\n<p class=\"link-more\"><a href=\"https:\/\/www.semainearabe.ens.fr\/index.php\/programme-2\/\" class=\"more-link\">Continuer la lecture<span class=\"screen-reader-text\"> de &laquo;&nbsp;Programme 2018&nbsp;&raquo;<\/span><\/a><\/p>\n","protected":false},"author":1,"featured_media":0,"parent":0,"menu_order":0,"comment_status":"closed","ping_status":"closed","template":"","meta":{"footnotes":""},"class_list":["post-111","page","type-page","status-publish","hentry"],"_links":{"self":[{"href":"https:\/\/www.semainearabe.ens.fr\/index.php\/wp-json\/wp\/v2\/pages\/111","targetHints":{"allow":["GET"]}}],"collection":[{"href":"https:\/\/www.semainearabe.ens.fr\/index.php\/wp-json\/wp\/v2\/pages"}],"about":[{"href":"https:\/\/www.semainearabe.ens.fr\/index.php\/wp-json\/wp\/v2\/types\/page"}],"author":[{"embeddable":true,"href":"https:\/\/www.semainearabe.ens.fr\/index.php\/wp-json\/wp\/v2\/users\/1"}],"replies":[{"embeddable":true,"href":"https:\/\/www.semainearabe.ens.fr\/index.php\/wp-json\/wp\/v2\/comments?post=111"}],"version-history":[{"count":42,"href":"https:\/\/www.semainearabe.ens.fr\/index.php\/wp-json\/wp\/v2\/pages\/111\/revisions"}],"predecessor-version":[{"id":192,"href":"https:\/\/www.semainearabe.ens.fr\/index.php\/wp-json\/wp\/v2\/pages\/111\/revisions\/192"}],"wp:attachment":[{"href":"https:\/\/www.semainearabe.ens.fr\/index.php\/wp-json\/wp\/v2\/media?parent=111"}],"curies":[{"name":"wp","href":"https:\/\/api.w.org\/{rel}","templated":true}]}}